{"id":2565,"date":"2016-10-13T16:43:57","date_gmt":"2016-10-13T16:43:57","guid":{"rendered":"http:\/\/entandem.cat\/fr\/afev\/"},"modified":"2021-10-06T09:43:44","modified_gmt":"2021-10-06T09:43:44","slug":"afev","status":"publish","type":"page","link":"https:\/\/entandem.cat\/fr\/afev\/","title":{"rendered":"qui sommes-nous?"},"content":{"rendered":"<div id=\"pl-2565\"  class=\"panel-layout\" ><div id=\"pg-2565-0\"  class=\"panel-grid panel-has-style\" ><div id=\"submenu\" class=\"panel-row-style panel-row-style-for-2565-0\" ><div id=\"pgc-2565-0-0\"  class=\"panel-grid-cell\" ><div id=\"panel-2565-0-0-0\" class=\"so-panel widget widget_sow-editor panel-first-child panel-last-child\" data-index=\"0\" ><div class=\"panel-widget-style panel-widget-style-for-2565-0-0-0\" ><div\n\t\t\t\n\t\t\tclass=\"so-widget-sow-editor so-widget-sow-editor-base\"\n\t\t\t\n\t\t>\n<div class=\"siteorigin-widget-tinymce textwidget\">\n\t<ul class=\"nav nav-justified\">\n<li><a href=\"#quisom\"><span style=\"font-weight: 400;\">Qui sommes-nous<\/span><\/a><\/li>\n<li><a href=\"#perque\">POURQUOI <span style=\"font-weight: 400;\">nous agissons<\/span><\/a><\/li>\n<li><a href=\"#colaboradors\">Transparence<\/a><\/li>\n<\/ul>\n<\/div>\n<\/div><\/div><\/div><\/div><\/div><\/div><div id=\"pg-2565-1\"  class=\"panel-grid panel-has-style\" ><div class=\"inset-shadow siteorigin-panels-stretch panel-row-style panel-row-style-for-2565-1\" data-stretch-type=\"full\" ><div id=\"pgc-2565-1-0\"  class=\"panel-grid-cell\" ><div id=\"panel-2565-1-0-0\" class=\"so-panel widget widget_sow-image panel-first-child panel-last-child\" data-index=\"1\" ><div class=\"panel-widget-style panel-widget-style-for-2565-1-0-0\" ><div\n\t\t\t\n\t\t\tclass=\"so-widget-sow-image so-widget-sow-image-default-a258e6bfa2d8-2565\"\n\t\t\t\n\t\t>\n<div class=\"sow-image-container\">\n\t\t<img \n\tsrc=\"https:\/\/entandem.cat\/wp-content\/uploads\/2016\/10\/banner-entandem.jpg\" width=\"1440\" height=\"900\" srcset=\"https:\/\/entandem.cat\/wp-content\/uploads\/2016\/10\/banner-entandem.jpg 1440w, https:\/\/entandem.cat\/wp-content\/uploads\/2016\/10\/banner-entandem-300x188.jpg 300w, https:\/\/entandem.cat\/wp-content\/uploads\/2016\/10\/banner-entandem-768x480.jpg 768w, https:\/\/entandem.cat\/wp-content\/uploads\/2016\/10\/banner-entandem-1024x640.jpg 1024w\" sizes=\"(max-width: 1440px) 100vw, 1440px\" title=\"banner entandem\" alt=\"\" \t\tclass=\"so-widget-image\"\/>\n\t<\/div>\n\n<\/div><\/div><\/div><\/div><\/div><\/div><div id=\"pg-2565-2\"  class=\"panel-grid panel-has-style\" ><div class=\"siteorigin-panels-stretch panel-row-style panel-row-style-for-2565-2\" id=\"quisom\" data-stretch-type=\"full\" ><div id=\"pgc-2565-2-0\"  class=\"panel-grid-cell\" ><div id=\"panel-2565-2-0-0\" class=\"so-panel widget widget_sow-editor panel-first-child panel-last-child\" data-index=\"2\" ><div class=\"panel-widget-style panel-widget-style-for-2565-2-0-0\" ><div\n\t\t\t\n\t\t\tclass=\"so-widget-sow-editor so-widget-sow-editor-base\"\n\t\t\t\n\t\t>\n<div class=\"siteorigin-widget-tinymce textwidget\">\n\t<h2>Qui sommes-nous?<\/h2>\n<\/div>\n<\/div><\/div><\/div><\/div><\/div><\/div><div id=\"pg-2565-3\"  class=\"panel-grid panel-has-style\" ><div class=\"panel-row-style panel-row-style-for-2565-3\" ><div id=\"pgc-2565-3-0\"  class=\"panel-grid-cell\" ><div id=\"panel-2565-3-0-0\" class=\"so-panel widget widget_sow-editor panel-first-child panel-last-child\" data-index=\"3\" ><div\n\t\t\t\n\t\t\tclass=\"so-widget-sow-editor so-widget-sow-editor-base\"\n\t\t\t\n\t\t>\n<div class=\"siteorigin-widget-tinymce textwidget\">\n\t<p>enT\u00e0ndem est un projet de l\u2019AFEV, une association de b\u00e9n\u00e9volat social et d\u00e9l\u00e9gation de l'<a href=\"http:\/\/afev.org\/\">AFEV\u00a0France<\/a>. Nous menons plusieurs projets d'accompagnement destin\u00e9s aux enfants, adolescents et jeunes, en basant notre action sur le mentorat social et \u00e9ducatif.<\/p>\n<p>La mission de l\u2019association est de promouvoir le b\u00e9n\u00e9volat social des jeunes pour lutter contre les in\u00e9galit\u00e9s sociales et l\u2019exclusion \u00e9ducative que subissent les enfants, adolescents et jeunes en difficult\u00e9s, ainsi que leurs familles et leurs communaut\u00e9s dans les quartiers et territoires d\u00e9favoris\u00e9s de la Catalogne et de Valence.<\/p>\n<\/div>\n<\/div><\/div><\/div><div id=\"pgc-2565-3-1\"  class=\"panel-grid-cell\" ><div id=\"panel-2565-3-1-0\" class=\"so-panel widget widget_sow-editor panel-first-child panel-last-child\" data-index=\"4\" ><div\n\t\t\t\n\t\t\tclass=\"so-widget-sow-editor so-widget-sow-editor-base\"\n\t\t\t\n\t\t>\n<div class=\"siteorigin-widget-tinymce textwidget\">\n\t<p>Notre vision s\u2019inscrit dans le champ de l\u2019\u00e9galit\u00e9 de droits et de la lutte contre les in\u00e9galit\u00e9s sociales et \u00e9ducatives.<\/p>\n<p>En Catalogne, l\u2019action de l\u2019AFEV a commenc\u00e9 en 2008 \u00e0 Barcelone, dans le quartier de la Barceloneta. Actuellement, nous collaborons avec plus de 200 b\u00e9n\u00e9voles dans la m\u00e9tropole de Barcelone, Barber\u00e0 del Vall\u00e8s et Santa Coloma.<\/p>\n<p>Depuis 2018, nous avons aussi une antenne dans la ville de Valence.<\/p>\n<\/div>\n<\/div><\/div><\/div><\/div><\/div><div id=\"pg-2565-4\"  class=\"panel-grid panel-has-style\" ><div class=\"panel-row-style panel-row-style-for-2565-4\" ><div id=\"pgc-2565-4-0\"  class=\"panel-grid-cell\" ><div id=\"panel-2565-4-0-0\" class=\"so-panel widget widget_sow-layout-slider panel-first-child panel-last-child\" data-index=\"5\" ><div class=\"miembros panel-widget-style panel-widget-style-for-2565-4-0-0\" ><div\n\t\t\t\n\t\t\tclass=\"so-widget-sow-layout-slider so-widget-sow-layout-slider-default-d8d198d5b778-2565\"\n\t\t\t\n\t\t>\t\t\t\t<div class=\"sow-slider-base\" style=\"display: none\" tabindex=\"0\">\n\t\t\t\t\t<ul\n\t\t\t\t\tclass=\"sow-slider-images\"\n\t\t\t\t\tdata-settings=\"{&quot;pagination&quot;:true,&quot;speed&quot;:1000,&quot;timeout&quot;:15000,&quot;paused&quot;:false,&quot;pause_on_hover&quot;:false,&quot;swipe&quot;:true,&quot;nav_always_show_desktop&quot;:&quot;&quot;,&quot;nav_always_show_mobile&quot;:&quot;&quot;,&quot;breakpoint&quot;:&quot;780px&quot;,&quot;unmute&quot;:false,&quot;anchor&quot;:null}\"\n\t\t\t\t\t\t\t\t\t\tdata-anchor-id=\"\"\n\t\t\t\t>\t\t<li class=\"sow-slider-image\" style=\"visibility: visible;;background-color: #ffffff\" >\n\t\t\t\t\t<div class=\"sow-slider-image-container\">\n\t\t\t<div class=\"sow-slider-image-wrapper\">\n\t\t\t\t<div id=\"pl-w1e3afc45\"  class=\"panel-layout\" ><div id=\"pg-w1e3afc45-0\"  class=\"panel-grid panel-no-style\" ><div id=\"pgc-w1e3afc45-0-0\"  class=\"panel-grid-cell\" ><div id=\"panel-w1e3afc45-0-0-0\" class=\"so-panel widget widget_sow-image panel-first-child panel-last-child\" data-index=\"0\" ><div\n\t\t\t\n\t\t\tclass=\"so-widget-sow-image so-widget-sow-image-default-8b5b6f678277-2565\"\n\t\t\t\n\t\t>\n<div class=\"sow-image-container\">\n\t\t<img \n\tsrc=\"https:\/\/entandem.cat\/wp-content\/uploads\/2016\/10\/laia-web.jpg\" width=\"778\" height=\"892\" srcset=\"https:\/\/entandem.cat\/wp-content\/uploads\/2016\/10\/laia-web.jpg 778w, https:\/\/entandem.cat\/wp-content\/uploads\/2016\/10\/laia-web-262x300.jpg 262w, https:\/\/entandem.cat\/wp-content\/uploads\/2016\/10\/laia-web-768x881.jpg 768w\" sizes=\"(max-width: 778px) 100vw, 778px\" title=\"Laia Bernu\u00e9s est \u00e9ducatrice sociale et est dans le monde du b\u00e9n\u00e9volat depuis beaucoup d&#039;ann\u00e9es. Elle adore voyager, lire, faire la folle avec ses enfants, faire du sport et changer le monde! Comme le dit le Capitaine Lettuce, les petits changements sont puissants!\" alt=\"\" \t\tclass=\"so-widget-image\"\/>\n\t<\/div>\n\n<h3 class=\"widget-title\">Laia Bernu\u00e9s est \u00e9ducatrice sociale et est dans le monde du b\u00e9n\u00e9volat depuis beaucoup d'ann\u00e9es. Elle adore voyager, lire, faire la folle avec ses enfants, faire du sport et changer le monde! Comme le dit le Capitaine Lettuce, les petits changements sont puissants!<\/h3><\/div><\/div><\/div><div id=\"pgc-w1e3afc45-0-1\"  class=\"panel-grid-cell\" ><div id=\"panel-w1e3afc45-0-1-0\" class=\"so-panel widget widget_sow-image panel-first-child panel-last-child\" data-index=\"1\" ><div\n\t\t\t\n\t\t\tclass=\"so-widget-sow-image so-widget-sow-image-default-8b5b6f678277-2565\"\n\t\t\t\n\t\t>\n<div class=\"sow-image-container\">\n\t\t<img \n\tsrc=\"https:\/\/entandem.cat\/wp-content\/uploads\/2016\/10\/lauara.jpg\" width=\"2720\" height=\"3120\" srcset=\"https:\/\/entandem.cat\/wp-content\/uploads\/2016\/10\/lauara.jpg 2720w, https:\/\/entandem.cat\/wp-content\/uploads\/2016\/10\/lauara-262x300.jpg 262w, https:\/\/entandem.cat\/wp-content\/uploads\/2016\/10\/lauara-768x881.jpg 768w, https:\/\/entandem.cat\/wp-content\/uploads\/2016\/10\/lauara-893x1024.jpg 893w\" sizes=\"(max-width: 2720px) 100vw, 2720px\" title=\"Laura est prof et anthropologue, elle adore l&#039;\u00e9ducation et les voyages. Elle se r\u00e9jouit de travailler pour un projet o\u00f9 elle peut changer, en mieux, la vie des jeunes et elle aime particuli\u00e8rement conna\u00eetre les b\u00e9n\u00e9voles et les accompagner \u00e0 devenir mentor. Pendant son temps libre, vous la trouverez en train de danser ou de jouez avec ses filles.\" alt=\"\" \t\tclass=\"so-widget-image\"\/>\n\t<\/div>\n\n<h3 class=\"widget-title\">Laura est prof et anthropologue, elle adore l'\u00e9ducation et les voyages. Elle se r\u00e9jouit de travailler pour un projet o\u00f9 elle peut changer, en mieux, la vie des jeunes et elle aime particuli\u00e8rement conna\u00eetre les b\u00e9n\u00e9voles et les accompagner \u00e0 devenir mentor. Pendant son temps libre, vous la trouverez en train de danser ou de jouez avec ses filles.<\/h3><\/div><\/div><\/div><div id=\"pgc-w1e3afc45-0-2\"  class=\"panel-grid-cell\" ><div id=\"panel-w1e3afc45-0-2-0\" class=\"so-panel widget widget_sow-image panel-first-child panel-last-child\" data-index=\"2\" ><div\n\t\t\t\n\t\t\tclass=\"so-widget-sow-image so-widget-sow-image-default-8b5b6f678277-2565\"\n\t\t\t\n\t\t>\n<div class=\"sow-image-container\">\n\t\t<img \n\tsrc=\"https:\/\/entandem.cat\/wp-content\/uploads\/2016\/10\/Irene_Web.png\" width=\"349\" height=\"400\" srcset=\"https:\/\/entandem.cat\/wp-content\/uploads\/2016\/10\/Irene_Web.png 349w, https:\/\/entandem.cat\/wp-content\/uploads\/2016\/10\/Irene_Web-262x300.png 262w\" sizes=\"(max-width: 349px) 100vw, 349px\" title=\"Psychologue et activiste infatigable, Irene adore voyager, apprendre des autres et aller au cin\u00e9. Amoureuse de Valence, de ses jardins et de sa lumi\u00e8re unique, elle est responsable d\u2019AFEV Valencia et se sent chanceuse de faire partie de cette aventure passionnante et de cette belle famille !\" alt=\"\" \t\tclass=\"so-widget-image\"\/>\n\t<\/div>\n\n<h3 class=\"widget-title\">Psychologue et activiste infatigable, Irene adore voyager, apprendre des autres et aller au cin\u00e9. Amoureuse de Valence, de ses jardins et de sa lumi\u00e8re unique, elle est responsable d\u2019AFEV Valencia et se sent chanceuse de faire partie de cette aventure passionnante et de cette belle famille !<\/h3><\/div><\/div><\/div><\/div><\/div>\t\t\t<\/div>\n\t\t<\/div>\n\t\t\t\t<\/li>\n\t\t\t\t<li class=\"sow-slider-image\" style=\"visibility: hidden;;background-color: #ffffff\" >\n\t\t\t\t\t<div class=\"sow-slider-image-container\">\n\t\t\t<div class=\"sow-slider-image-wrapper\">\n\t\t\t\t<div id=\"pl-w396320a9\"  class=\"panel-layout\" ><div id=\"pg-w396320a9-0\"  class=\"panel-grid panel-no-style\" ><div id=\"pgc-w396320a9-0-0\"  class=\"panel-grid-cell\" ><div id=\"panel-w396320a9-0-0-0\" class=\"so-panel widget widget_sow-image panel-first-child panel-last-child\" data-index=\"0\" ><div\n\t\t\t\n\t\t\tclass=\"so-widget-sow-image so-widget-sow-image-default-8b5b6f678277-2565\"\n\t\t\t\n\t\t>\n<div class=\"sow-image-container\">\n\t\t<img \n\tsrc=\"https:\/\/entandem.cat\/wp-content\/uploads\/2019\/11\/gustavo.jpg\" width=\"349\" height=\"400\" srcset=\"https:\/\/entandem.cat\/wp-content\/uploads\/2019\/11\/gustavo.jpg 349w, https:\/\/entandem.cat\/wp-content\/uploads\/2019\/11\/gustavo-262x300.jpg 262w\" sizes=\"(max-width: 349px) 100vw, 349px\" title=\"Gustavo pense que, comme le disait Eduardo Galeano, \u201cplein de petites personnes, dans de petits lieux, faisant de petites choses, peuvent changer le monde\u201d. Passionn\u00e9 par le volontariat et l&#039;action communautaire, il est convaincu que le pouvoir de changer la soci\u00e9t\u00e9 r\u00e9side dans l\u00b4humain et la solidarit\u00e9, et que l&#039;AFEV est un excellent outil pour transformer et lutter contre les in\u00e9galit\u00e9s.\" alt=\"\" \t\tclass=\"so-widget-image\"\/>\n\t<\/div>\n\n<h3 class=\"widget-title\">Gustavo pense que, comme le disait Eduardo Galeano, \u201cplein de petites personnes, dans de petits lieux, faisant de petites choses, peuvent changer le monde\u201d. Passionn\u00e9 par le volontariat et l'action communautaire, il est convaincu que le pouvoir de changer la soci\u00e9t\u00e9 r\u00e9side dans l\u00b4humain et la solidarit\u00e9, et que l'AFEV est un excellent outil pour transformer et lutter contre les in\u00e9galit\u00e9s.<\/h3><\/div><\/div><\/div><div id=\"pgc-w396320a9-0-1\"  class=\"panel-grid-cell\" ><div id=\"panel-w396320a9-0-1-0\" class=\"so-panel widget widget_sow-image panel-first-child panel-last-child\" data-index=\"1\" ><div\n\t\t\t\n\t\t\tclass=\"so-widget-sow-image so-widget-sow-image-default-8b5b6f678277-2565\"\n\t\t\t\n\t\t>\n<div class=\"sow-image-container\">\n\t\t<img \n\tsrc=\"https:\/\/entandem.cat\/wp-content\/uploads\/2016\/10\/lauram.jpg\" width=\"1200\" height=\"1376\" srcset=\"https:\/\/entandem.cat\/wp-content\/uploads\/2016\/10\/lauram.jpg 1200w, https:\/\/entandem.cat\/wp-content\/uploads\/2016\/10\/lauram-262x300.jpg 262w, https:\/\/entandem.cat\/wp-content\/uploads\/2016\/10\/lauram-768x881.jpg 768w, https:\/\/entandem.cat\/wp-content\/uploads\/2016\/10\/lauram-893x1024.jpg 893w, https:\/\/entandem.cat\/wp-content\/uploads\/2016\/10\/lauram-560x642.jpg 560w\" sizes=\"(max-width: 1200px) 100vw, 1200px\" title=\"Non conformiste et r\u00eaveuse, Laura est arriv\u00e9e \u00e0 Barcelone il y a quelques ann\u00e9es. Passionn\u00e9e de lecture, de musique et de la convivialit\u00e9 des gens qui l&#039;entourent, elle aime voyager et apprendre d&#039;autres fa\u00e7ons de comprendre le monde. Heureuse de faire partie de cette grande \u00e9quipe, elle est fermement convaincue que, entre tous, on peut tout atteindre!\" alt=\"\" \t\tclass=\"so-widget-image\"\/>\n\t<\/div>\n\n<h3 class=\"widget-title\">Non conformiste et r\u00eaveuse, Laura est arriv\u00e9e \u00e0 Barcelone il y a quelques ann\u00e9es. Passionn\u00e9e de lecture, de musique et de la convivialit\u00e9 des gens qui l'entourent, elle aime voyager et apprendre d'autres fa\u00e7ons de comprendre le monde. Heureuse de faire partie de cette grande \u00e9quipe, elle est fermement convaincue que, entre tous, on peut tout atteindre!<\/h3><\/div><\/div><\/div><div id=\"pgc-w396320a9-0-2\"  class=\"panel-grid-cell\" ><div id=\"panel-w396320a9-0-2-0\" class=\"so-panel widget widget_sow-image panel-first-child panel-last-child\" data-index=\"2\" ><div\n\t\t\t\n\t\t\tclass=\"so-widget-sow-image so-widget-sow-image-default-8b5b6f678277-2565\"\n\t\t\t\n\t\t>\n<div class=\"sow-image-container\">\n\t\t<img \n\tsrc=\"https:\/\/entandem.cat\/wp-content\/uploads\/2016\/10\/mariaweb.jpg\" width=\"1200\" height=\"1376\" srcset=\"https:\/\/entandem.cat\/wp-content\/uploads\/2016\/10\/mariaweb.jpg 1200w, https:\/\/entandem.cat\/wp-content\/uploads\/2016\/10\/mariaweb-262x300.jpg 262w, https:\/\/entandem.cat\/wp-content\/uploads\/2016\/10\/mariaweb-768x881.jpg 768w, https:\/\/entandem.cat\/wp-content\/uploads\/2016\/10\/mariaweb-893x1024.jpg 893w\" sizes=\"(max-width: 1200px) 100vw, 1200px\" title=\"L&#039;\u00e9nergie et la passion sont ses principales caract\u00e9ristiques. Maria ne sait pas quel est son lieu pr\u00e9f\u00e9r\u00e9 dans le monde mais en tout cas, elle ne s&#039;ennuie jamais! Form\u00e9e au journalisme et aux Lettres, elle aime entendre les histoires personnelles et les exp\u00e9riences positives. Elle pense que les enfants en sont une source importante. Dans son temps libre, elle chante et danse! \" alt=\"\" \t\tclass=\"so-widget-image\"\/>\n\t<\/div>\n\n<h3 class=\"widget-title\">L'\u00e9nergie et la passion sont ses principales caract\u00e9ristiques. Maria ne sait pas quel est son lieu pr\u00e9f\u00e9r\u00e9 dans le monde mais en tout cas, elle ne s'ennuie jamais! Form\u00e9e au journalisme et aux Lettres, elle aime entendre les histoires personnelles et les exp\u00e9riences positives. Elle pense que les enfants en sont une source importante. Dans son temps libre, elle chante et danse! <\/h3><\/div><\/div><\/div><\/div><\/div>\t\t\t<\/div>\n\t\t<\/div>\n\t\t\t\t<\/li>\n\t\t\t\t<li class=\"sow-slider-image\" style=\"visibility: hidden;;background-color: #ffffff\" >\n\t\t\t\t\t<div class=\"sow-slider-image-container\">\n\t\t\t<div class=\"sow-slider-image-wrapper\">\n\t\t\t\t<div id=\"pl-w8575cda9\"  class=\"panel-layout\" ><div id=\"pg-w8575cda9-0\"  class=\"panel-grid panel-no-style\" ><div id=\"pgc-w8575cda9-0-0\"  class=\"panel-grid-cell\" ><div id=\"panel-w8575cda9-0-0-0\" class=\"so-panel widget widget_sow-image panel-first-child panel-last-child\" data-index=\"0\" ><div\n\t\t\t\n\t\t\tclass=\"so-widget-sow-image so-widget-sow-image-default-8b5b6f678277-2565\"\n\t\t\t\n\t\t>\n<div class=\"sow-image-container\">\n\t\t<img \n\tsrc=\"https:\/\/entandem.cat\/wp-content\/uploads\/2016\/10\/N\u00faria.jpg\" width=\"349\" height=\"400\" srcset=\"https:\/\/entandem.cat\/wp-content\/uploads\/2016\/10\/N\u00faria.jpg 349w, https:\/\/entandem.cat\/wp-content\/uploads\/2016\/10\/N\u00faria-262x300.jpg 262w\" sizes=\"(max-width: 349px) 100vw, 349px\" title=\"N\u00faria Bienvenido est anthropologue et \u00e9ducatrice sociale. Elle aime vraiment \u00eatre en contact avec les gens, les conna\u00eetre et pouvoir les aider. Elle a donc particip\u00e9 \u00e0 divers b\u00e9n\u00e9volats. Elle aime danser, chanter et faire du th\u00e9\u00e2tre. Elle aime aussi conna\u00eetre le monde et les autres cultures. Elle se sent chanceuse et tr\u00e8s heureuse de collaborer avec AFEV !!!\" alt=\"\" \t\tclass=\"so-widget-image\"\/>\n\t<\/div>\n\n<h3 class=\"widget-title\">N\u00faria Bienvenido est anthropologue et \u00e9ducatrice sociale. Elle aime vraiment \u00eatre en contact avec les gens, les conna\u00eetre et pouvoir les aider. Elle a donc particip\u00e9 \u00e0 divers b\u00e9n\u00e9volats. Elle aime danser, chanter et faire du th\u00e9\u00e2tre. Elle aime aussi conna\u00eetre le monde et les autres cultures. Elle se sent chanceuse et tr\u00e8s heureuse de collaborer avec AFEV !!!<\/h3><\/div><\/div><\/div><div id=\"pgc-w8575cda9-0-1\"  class=\"panel-grid-cell\" ><div id=\"panel-w8575cda9-0-1-0\" class=\"so-panel widget widget_sow-image panel-first-child panel-last-child\" data-index=\"1\" ><div\n\t\t\t\n\t\t\tclass=\"so-widget-sow-image so-widget-sow-image-default-8b5b6f678277-2565\"\n\t\t\t\n\t\t>\n<div class=\"sow-image-container\">\n\t\t<img \n\tsrc=\"https:\/\/entandem.cat\/wp-content\/uploads\/2016\/10\/irene-presentaci\u00f3n.jpg\" width=\"892\" height=\"1023\" srcset=\"https:\/\/entandem.cat\/wp-content\/uploads\/2016\/10\/irene-presentaci\u00f3n.jpg 892w, https:\/\/entandem.cat\/wp-content\/uploads\/2016\/10\/irene-presentaci\u00f3n-262x300.jpg 262w, https:\/\/entandem.cat\/wp-content\/uploads\/2016\/10\/irene-presentaci\u00f3n-768x881.jpg 768w\" sizes=\"(max-width: 892px) 100vw, 892px\" title=\"Irene a tr\u00e8s envie de passer \u00e0 l\u2019action afin de changer les choses au plus vite ! Passionn\u00e9e de voyages et de bonne litt\u00e9rature, elle aime aussi chanter tr\u00e8s fort sous sa douche. Elle est enchant\u00e9e \u00e0 l\u2019id\u00e9e d\u2019avoir atterri \u00e0 Barcelone cette ann\u00e9e pour vivre de nouvelles aventures et toujours avec le sourire.\" alt=\"\" \t\tclass=\"so-widget-image\"\/>\n\t<\/div>\n\n<h3 class=\"widget-title\">Irene a tr\u00e8s envie de passer \u00e0 l\u2019action afin de changer les choses au plus vite ! Passionn\u00e9e de voyages et de bonne litt\u00e9rature, elle aime aussi chanter tr\u00e8s fort sous sa douche. Elle est enchant\u00e9e \u00e0 l\u2019id\u00e9e d\u2019avoir atterri \u00e0 Barcelone cette ann\u00e9e pour vivre de nouvelles aventures et toujours avec le sourire.<\/h3><\/div><\/div><\/div><div id=\"pgc-w8575cda9-0-2\"  class=\"panel-grid-cell\" ><div id=\"panel-w8575cda9-0-2-0\" class=\"so-panel widget widget_sow-image panel-first-child panel-last-child\" data-index=\"2\" ><div\n\t\t\t\n\t\t\tclass=\"so-widget-sow-image so-widget-sow-image-default-8b5b6f678277-2565\"\n\t\t\t\n\t\t>\n<div class=\"sow-image-container\">\n\t\t<img \n\tsrc=\"https:\/\/entandem.cat\/wp-content\/uploads\/2020\/10\/Gemma-Domenech.jpg\" width=\"1047\" height=\"1200\" srcset=\"https:\/\/entandem.cat\/wp-content\/uploads\/2020\/10\/Gemma-Domenech.jpg 1047w, https:\/\/entandem.cat\/wp-content\/uploads\/2020\/10\/Gemma-Domenech-262x300.jpg 262w, https:\/\/entandem.cat\/wp-content\/uploads\/2020\/10\/Gemma-Domenech-768x880.jpg 768w, https:\/\/entandem.cat\/wp-content\/uploads\/2020\/10\/Gemma-Domenech-893x1024.jpg 893w\" sizes=\"(max-width: 1047px) 100vw, 1047px\" title=\"Gemma est anthropologue et suit une formation pour devenir \u00e9ducatrice sociale. Elle adore bouger, d\u00e9couvrir de nouveaux coins et conna\u00eetre d&#039;autres points de vue sur le monde. Persuad\u00e9e que la transformation sociale est possible, elle est li\u00e9e au monde associatif depuis des ann\u00e9es et est tr\u00e8s contente de faire partie de l&#039;\u00e9quipe de l&#039;AFEV.\" alt=\"\" \t\tclass=\"so-widget-image\"\/>\n\t<\/div>\n\n<h3 class=\"widget-title\">Gemma est anthropologue et suit une formation pour devenir \u00e9ducatrice sociale. Elle adore bouger, d\u00e9couvrir de nouveaux coins et conna\u00eetre d'autres points de vue sur le monde. Persuad\u00e9e que la transformation sociale est possible, elle est li\u00e9e au monde associatif depuis des ann\u00e9es et est tr\u00e8s contente de faire partie de l'\u00e9quipe de l'AFEV.<\/h3><\/div><\/div><\/div><\/div><\/div>\t\t\t<\/div>\n\t\t<\/div>\n\t\t\t\t<\/li>\n\t\t\t\t<li class=\"sow-slider-image\" style=\"visibility: hidden;;background-color: #f9f9f9\" >\n\t\t\t\t\t<div class=\"sow-slider-image-container\">\n\t\t\t<div class=\"sow-slider-image-wrapper\">\n\t\t\t\t<div id=\"pl-wd6165f52\"  class=\"panel-layout\" ><div id=\"pg-wd6165f52-0\"  class=\"panel-grid panel-no-style\" ><div id=\"pgc-wd6165f52-0-0\"  class=\"panel-grid-cell\" ><div id=\"panel-wd6165f52-0-0-0\" class=\"so-panel widget widget_sow-image panel-first-child panel-last-child\" data-index=\"0\" ><div\n\t\t\t\n\t\t\tclass=\"so-widget-sow-image so-widget-sow-image-default-8b5b6f678277-2565\"\n\t\t\t\n\t\t>\n<div class=\"sow-image-container\">\n\t\t<img \n\tsrc=\"https:\/\/entandem.cat\/wp-content\/uploads\/2019\/11\/Claudia-web.jpg\" width=\"349\" height=\"400\" srcset=\"https:\/\/entandem.cat\/wp-content\/uploads\/2019\/11\/Claudia-web.jpg 349w, https:\/\/entandem.cat\/wp-content\/uploads\/2019\/11\/Claudia-web-262x300.jpg 262w\" sizes=\"(max-width: 349px) 100vw, 349px\" title=\"Cl\u00e0udia est toujours pr\u00eate \u00e0 consacrer son temps \u00e0 aider les autres. Elle fait partie de l&#039;\u00e9quipe des charg\u00e9s de projets. Originaire de Badalona, elle a \u00e9tudi\u00e9 l&#039;\u00e9ducation sociale avant de rejoindre l&#039;AFEV. Travailleuse, engag\u00e9e, dynamique et avec une mani\u00e8re unique de s&#039;exprimer, Claudia ne se lasse pas de proposer de nouvelles id\u00e9es pour d\u00e9velopper les projets de l&#039;AFEV.\" alt=\"\" \t\tclass=\"so-widget-image\"\/>\n\t<\/div>\n\n<h3 class=\"widget-title\">Cl\u00e0udia est toujours pr\u00eate \u00e0 consacrer son temps \u00e0 aider les autres. Elle fait partie de l'\u00e9quipe des charg\u00e9s de projets. Originaire de Badalona, elle a \u00e9tudi\u00e9 l'\u00e9ducation sociale avant de rejoindre l'AFEV. Travailleuse, engag\u00e9e, dynamique et avec une mani\u00e8re unique de s'exprimer, Claudia ne se lasse pas de proposer de nouvelles id\u00e9es pour d\u00e9velopper les projets de l'AFEV.<\/h3><\/div><\/div><\/div><div id=\"pgc-wd6165f52-0-1\"  class=\"panel-grid-cell\" ><div id=\"panel-wd6165f52-0-1-0\" class=\"so-panel widget widget_sow-image panel-first-child panel-last-child\" data-index=\"1\" ><div\n\t\t\t\n\t\t\tclass=\"so-widget-sow-image so-widget-sow-image-default-8b5b6f678277-2565\"\n\t\t\t\n\t\t>\n<div class=\"sow-image-container\">\n\t\t<img \n\tsrc=\"https:\/\/entandem.cat\/wp-content\/uploads\/2020\/06\/eloi_web.png\" width=\"307\" height=\"352\" srcset=\"https:\/\/entandem.cat\/wp-content\/uploads\/2020\/06\/eloi_web.png 307w, https:\/\/entandem.cat\/wp-content\/uploads\/2020\/06\/eloi_web-262x300.png 262w\" sizes=\"(max-width: 307px) 100vw, 307px\" title=\"Eloi est charg\u00e9 du projet de logement KAPS. Impliqu\u00e9 dans le monde associatif des f\u00eates populaires, avec toujours l&#039;envie d&#039;organiser et de d\u00e9velopper de nouveaux projets, plus encore quand cela suppose d&#039;\u00e9changer et de travailler main dans la main avec d&#039;autres personnes. Politologue de formation, il s&#039;engage \u00e0 travailler pour am\u00e9liorer son environnement et il est fier de pouvoir s&#039;y consacrer \u00e0 l&#039;AFEV.\" alt=\"\" \t\tclass=\"so-widget-image\"\/>\n\t<\/div>\n\n<h3 class=\"widget-title\">Eloi est charg\u00e9 du projet de logement KAPS. Impliqu\u00e9 dans le monde associatif des f\u00eates populaires, avec toujours l'envie d'organiser et de d\u00e9velopper de nouveaux projets, plus encore quand cela suppose d'\u00e9changer et de travailler main dans la main avec d'autres personnes. Politologue de formation, il s'engage \u00e0 travailler pour am\u00e9liorer son environnement et il est fier de pouvoir s'y consacrer \u00e0 l'AFEV.<\/h3><\/div><\/div><\/div><div id=\"pgc-wd6165f52-0-2\"  class=\"panel-grid-cell\" ><div id=\"panel-wd6165f52-0-2-0\" class=\"so-panel widget widget_sow-image panel-first-child panel-last-child\" data-index=\"2\" ><div\n\t\t\t\n\t\t\tclass=\"so-widget-sow-image so-widget-sow-image-default-8b5b6f678277-2565\"\n\t\t\t\n\t\t>\n<div class=\"sow-image-container\">\n\t\t<img \n\tsrc=\"https:\/\/entandem.cat\/wp-content\/uploads\/2020\/10\/Victor-Gonzalez-1-894x1024.jpg\" width=\"894\" height=\"1024\" srcset=\"https:\/\/entandem.cat\/wp-content\/uploads\/2020\/10\/Victor-Gonzalez-1-894x1024.jpg 894w, https:\/\/entandem.cat\/wp-content\/uploads\/2020\/10\/Victor-Gonzalez-1-262x300.jpg 262w, https:\/\/entandem.cat\/wp-content\/uploads\/2020\/10\/Victor-Gonzalez-1-768x880.jpg 768w, https:\/\/entandem.cat\/wp-content\/uploads\/2020\/10\/Victor-Gonzalez-1.jpg 1000w\" sizes=\"(max-width: 894px) 100vw, 894px\" title=\"V\u00edctor est convaincu que pour vivre dans une soci\u00e9t\u00e9 plus soud\u00e9e et inclusive, il faut modifier sa structure. Pour cela, il met son \u00e9nergie \u00e0 concevoir et mettre en place des interventions \u00e9ducatives \u00e0 impact, comme celles du Programme Zing, dont il est en charge. Calme et \u00e9nergique \u00e0 la fois, il aime le yaourt grec avec des figues et du citron.\" alt=\"\" \t\tclass=\"so-widget-image\"\/>\n\t<\/div>\n\n<h3 class=\"widget-title\">V\u00edctor est convaincu que pour vivre dans une soci\u00e9t\u00e9 plus soud\u00e9e et inclusive, il faut modifier sa structure. Pour cela, il met son \u00e9nergie \u00e0 concevoir et mettre en place des interventions \u00e9ducatives \u00e0 impact, comme celles du Programme Zing, dont il est en charge. Calme et \u00e9nergique \u00e0 la fois, il aime le yaourt grec avec des figues et du citron.<\/h3><\/div><\/div><\/div><\/div><\/div>\t\t\t<\/div>\n\t\t<\/div>\n\t\t\t\t<\/li>\n\t\t\t\t<li class=\"sow-slider-image\" style=\"visibility: hidden;;background-color: #f9f9f9\" >\n\t\t\t\t\t<div class=\"sow-slider-image-container\">\n\t\t\t<div class=\"sow-slider-image-wrapper\">\n\t\t\t\t<div id=\"pl-wa34ca7fc\"  class=\"panel-layout\" ><div id=\"pg-wa34ca7fc-0\"  class=\"panel-grid panel-no-style\" ><div id=\"pgc-wa34ca7fc-0-0\"  class=\"panel-grid-cell\" ><div id=\"panel-wa34ca7fc-0-0-0\" class=\"so-panel widget widget_sow-image panel-first-child panel-last-child\" data-index=\"0\" ><div\n\t\t\t\n\t\t\tclass=\"so-widget-sow-image so-widget-sow-image-default-8b5b6f678277-2565\"\n\t\t\t\n\t\t>\n<div class=\"sow-image-container\">\n\t\t<img \n\tsrc=\"https:\/\/entandem.cat\/wp-content\/uploads\/2020\/10\/Chiara-Cusi.jpg\" width=\"678\" height=\"777\" srcset=\"https:\/\/entandem.cat\/wp-content\/uploads\/2020\/10\/Chiara-Cusi.jpg 678w, https:\/\/entandem.cat\/wp-content\/uploads\/2020\/10\/Chiara-Cusi-262x300.jpg 262w\" sizes=\"(max-width: 678px) 100vw, 678px\" title=\"Capoeiriste et \u00e9ducatrice sociale, Chiara a 24 ans et elle a apport\u00e9 d&#039;Italie tout son enthousiasme et sa motivation pour participer au projet enT\u00e1ndem. Elle aime voyager, apprendre de nouvelles langues et se perdre dans la nature. Et si avec tout \u00e7a elle peut se faire des amis ou rencontrer de nouvelles personnes, c&#039;est encore mieux ! \" alt=\"\" \t\tclass=\"so-widget-image\"\/>\n\t<\/div>\n\n<h3 class=\"widget-title\">Capoeiriste et \u00e9ducatrice sociale, Chiara a 24 ans et elle a apport\u00e9 d'Italie tout son enthousiasme et sa motivation pour participer au projet enT\u00e1ndem. Elle aime voyager, apprendre de nouvelles langues et se perdre dans la nature. Et si avec tout \u00e7a elle peut se faire des amis ou rencontrer de nouvelles personnes, c'est encore mieux ! <\/h3><\/div><\/div><\/div><div id=\"pgc-wa34ca7fc-0-1\"  class=\"panel-grid-cell\" ><div id=\"panel-wa34ca7fc-0-1-0\" class=\"so-panel widget widget_sow-image panel-first-child panel-last-child\" data-index=\"1\" ><div\n\t\t\t\n\t\t\tclass=\"so-widget-sow-image so-widget-sow-image-default-8b5b6f678277-2565\"\n\t\t\t\n\t\t>\n<div class=\"sow-image-container\">\n\t\t<img \n\tsrc=\"https:\/\/entandem.cat\/wp-content\/uploads\/2020\/10\/Victor-Gomez.jpg\" width=\"777\" height=\"891\" srcset=\"https:\/\/entandem.cat\/wp-content\/uploads\/2020\/10\/Victor-Gomez.jpg 777w, https:\/\/entandem.cat\/wp-content\/uploads\/2020\/10\/Victor-Gomez-262x300.jpg 262w, https:\/\/entandem.cat\/wp-content\/uploads\/2020\/10\/Victor-Gomez-768x881.jpg 768w\" sizes=\"(max-width: 777px) 100vw, 777px\" title=\"Lui, c&#039;est Victor. Il a 23 ans. Il s&#039;occupe de la mobilisation chez l&#039;AFEV et il veut agir pour que les jeunes aient un futur plus juste. Bon vivant, il aime le sport et les voyages. Son multiculturalisme, c&#039;est sa force. Son objectif : avoir des amis sur tous les continents ; et il a d\u00e9j\u00e0 commenc\u00e9 avec Barcelone.\" alt=\"\" \t\tclass=\"so-widget-image\"\/>\n\t<\/div>\n\n<h3 class=\"widget-title\">Lui, c'est Victor. Il a 23 ans. Il s'occupe de la mobilisation chez l'AFEV et il veut agir pour que les jeunes aient un futur plus juste. Bon vivant, il aime le sport et les voyages. Son multiculturalisme, c'est sa force. Son objectif : avoir des amis sur tous les continents ; et il a d\u00e9j\u00e0 commenc\u00e9 avec Barcelone.<\/h3><\/div><\/div><\/div><div id=\"pgc-wa34ca7fc-0-2\"  class=\"panel-grid-cell\" ><div id=\"panel-wa34ca7fc-0-2-0\" class=\"so-panel widget widget_sow-image panel-first-child panel-last-child\" data-index=\"2\" ><div\n\t\t\t\n\t\t\tclass=\"so-widget-sow-image so-widget-sow-image-default-8b5b6f678277-2565\"\n\t\t\t\n\t\t>\n<div class=\"sow-image-container\">\n\t\t<img \n\tsrc=\"https:\/\/entandem.cat\/wp-content\/uploads\/2020\/10\/Laura-Bernard-2.jpg\" width=\"777\" height=\"891\" srcset=\"https:\/\/entandem.cat\/wp-content\/uploads\/2020\/10\/Laura-Bernard-2.jpg 777w, https:\/\/entandem.cat\/wp-content\/uploads\/2020\/10\/Laura-Bernard-2-262x300.jpg 262w, https:\/\/entandem.cat\/wp-content\/uploads\/2020\/10\/Laura-Bernard-2-768x881.jpg 768w\" sizes=\"(max-width: 777px) 100vw, 777px\" title=\"Laura a 24 ans et a grandi dans les Alpes fran\u00e7aises. Dynamique et sportive, elle aime \u00e9norm\u00e9ment la nature et la montage en g\u00e9n\u00e9ral et... toutes les vari\u00e9t\u00e9s de fromage ! Cette ann\u00e9e, elle sera r\u00e9f\u00e9rente des accompagnements individualis\u00e9s pour l\u00b4AFEV et elle est pr\u00eate \u00e0 passer \u00e0 l&#039;action !\" alt=\"\" \t\tclass=\"so-widget-image\"\/>\n\t<\/div>\n\n<h3 class=\"widget-title\">Laura a 24 ans et a grandi dans les Alpes fran\u00e7aises. Dynamique et sportive, elle aime \u00e9norm\u00e9ment la nature et la montage en g\u00e9n\u00e9ral et... toutes les vari\u00e9t\u00e9s de fromage ! Cette ann\u00e9e, elle sera r\u00e9f\u00e9rente des accompagnements individualis\u00e9s pour l\u00b4AFEV et elle est pr\u00eate \u00e0 passer \u00e0 l'action !<\/h3><\/div><\/div><\/div><\/div><\/div>\t\t\t<\/div>\n\t\t<\/div>\n\t\t\t\t<\/li>\n\t\t\t\t<li class=\"sow-slider-image\" style=\"visibility: hidden;;background-color: #f9f9f9\" >\n\t\t\t\t\t<div class=\"sow-slider-image-container\">\n\t\t\t<div class=\"sow-slider-image-wrapper\">\n\t\t\t\t<div id=\"pl-w03219de0\"  class=\"panel-layout\" ><div id=\"pg-w03219de0-0\"  class=\"panel-grid panel-no-style\" ><div id=\"pgc-w03219de0-0-0\"  class=\"panel-grid-cell\" ><div id=\"panel-w03219de0-0-0-0\" class=\"so-panel widget widget_sow-image panel-first-child panel-last-child\" data-index=\"0\" ><div\n\t\t\t\n\t\t\tclass=\"so-widget-sow-image so-widget-sow-image-default-8b5b6f678277-2565\"\n\t\t\t\n\t\t>\n<div class=\"sow-image-container\">\n\t\t<img \n\tsrc=\"https:\/\/entandem.cat\/wp-content\/uploads\/2020\/10\/Clara-Valence-894x1024.jpg\" width=\"894\" height=\"1024\" srcset=\"https:\/\/entandem.cat\/wp-content\/uploads\/2020\/10\/Clara-Valence-894x1024.jpg 894w, https:\/\/entandem.cat\/wp-content\/uploads\/2020\/10\/Clara-Valence-262x300.jpg 262w, https:\/\/entandem.cat\/wp-content\/uploads\/2020\/10\/Clara-Valence-768x880.jpg 768w, https:\/\/entandem.cat\/wp-content\/uploads\/2020\/10\/Clara-Valence.jpg 1000w\" sizes=\"(max-width: 894px) 100vw, 894px\" title=\"Elle, c&#039;est Clara. Elle a 25 ans et vient de Bretagne. Elle est tr\u00e8s ouverte d&#039;esprit, elle aime rencontrer de nouvelles personnes, les \u00e9couter et les mettre \u00e0 l&#039;aise ! En g\u00e9n\u00e9ral, elle est joyeuse et dr\u00f4le ! Elle aime se lancer dans des voyages, et continuer ainsi \u00e0 d\u00e9couvrir Valence \u00e0 la recherche des meilleures tortillas. Elle a plein d&#039;id\u00e9es pour dynamiser l&#039;AFEV de Valence.\" alt=\"\" \t\tclass=\"so-widget-image\"\/>\n\t<\/div>\n\n<h3 class=\"widget-title\">Elle, c'est Clara. Elle a 25 ans et vient de Bretagne. Elle est tr\u00e8s ouverte d'esprit, elle aime rencontrer de nouvelles personnes, les \u00e9couter et les mettre \u00e0 l'aise ! En g\u00e9n\u00e9ral, elle est joyeuse et dr\u00f4le ! Elle aime se lancer dans des voyages, et continuer ainsi \u00e0 d\u00e9couvrir Valence \u00e0 la recherche des meilleures tortillas. Elle a plein d'id\u00e9es pour dynamiser l'AFEV de Valence.<\/h3><\/div><\/div><\/div><div id=\"pgc-w03219de0-0-1\"  class=\"panel-grid-cell\" ><div id=\"panel-w03219de0-0-1-0\" class=\"so-panel widget widget_sow-image panel-first-child panel-last-child\" data-index=\"1\" ><div\n\t\t\t\n\t\t\tclass=\"so-widget-sow-image so-widget-sow-image-default-8b5b6f678277-2565\"\n\t\t\t\n\t\t>\n<div class=\"sow-image-container\">\n\t\t<img \n\tsrc=\"https:\/\/entandem.cat\/wp-content\/uploads\/2020\/10\/Camille-Hervio.jpg\" width=\"777\" height=\"891\" srcset=\"https:\/\/entandem.cat\/wp-content\/uploads\/2020\/10\/Camille-Hervio.jpg 777w, https:\/\/entandem.cat\/wp-content\/uploads\/2020\/10\/Camille-Hervio-262x300.jpg 262w, https:\/\/entandem.cat\/wp-content\/uploads\/2020\/10\/Camille-Hervio-768x881.jpg 768w\" sizes=\"(max-width: 777px) 100vw, 777px\" title=\"Camille a 25 ans et vient de Paris. Elle aime danser et \u00e9couter de la musique toute la journ\u00e9e. Elle adore rencontrer de nouvelles personnes et discuter avec elles. Curieuse, elle aime essayer de nouvelles choses (comme les tapas de Barcelone). Cette ann\u00e9e, elle veut mettre son dynamisme au service du projet enT\u00e1ndem.\" alt=\"\" \t\tclass=\"so-widget-image\"\/>\n\t<\/div>\n\n<h3 class=\"widget-title\">Camille a 25 ans et vient de Paris. Elle aime danser et \u00e9couter de la musique toute la journ\u00e9e. Elle adore rencontrer de nouvelles personnes et discuter avec elles. Curieuse, elle aime essayer de nouvelles choses (comme les tapas de Barcelone). Cette ann\u00e9e, elle veut mettre son dynamisme au service du projet enT\u00e1ndem.<\/h3><\/div><\/div><\/div><div id=\"pgc-w03219de0-0-2\"  class=\"panel-grid-cell\" ><div id=\"panel-w03219de0-0-2-0\" class=\"so-panel widget widget_sow-image panel-first-child panel-last-child\" data-index=\"2\" ><div\n\t\t\t\n\t\t\tclass=\"so-widget-sow-image so-widget-sow-image-default-8b5b6f678277-2565\"\n\t\t\t\n\t\t>\n<div class=\"sow-image-container\">\n\t\t<img \n\tsrc=\"https:\/\/entandem.cat\/wp-content\/uploads\/2020\/10\/Juliette-Valence-894x1024.jpg\" width=\"894\" height=\"1024\" srcset=\"https:\/\/entandem.cat\/wp-content\/uploads\/2020\/10\/Juliette-Valence-894x1024.jpg 894w, https:\/\/entandem.cat\/wp-content\/uploads\/2020\/10\/Juliette-Valence-262x300.jpg 262w, https:\/\/entandem.cat\/wp-content\/uploads\/2020\/10\/Juliette-Valence-768x880.jpg 768w, https:\/\/entandem.cat\/wp-content\/uploads\/2020\/10\/Juliette-Valence.jpg 1000w\" sizes=\"(max-width: 894px) 100vw, 894px\" title=\"Elle, c&#039;est Juliette et elle a 25 ans ! Elle aime beaucoup l&#039;Histoire, elle est aussi curieuse et tr\u00e8s ouverte d&#039;esprit. Elle a beaucoup d&#039;\u00e9nergie, elle adore danser et conna\u00eetre de nouvelles personnes. Elle vit \u00e0 Valence depuis 1 an et demi et se sent tr\u00e8s bien ici. Cette ann\u00e9e, elle se chargera de la mobilisation... entre autres !\" alt=\"\" \t\tclass=\"so-widget-image\"\/>\n\t<\/div>\n\n<h3 class=\"widget-title\">Elle, c'est Juliette et elle a 25 ans ! Elle aime beaucoup l'Histoire, elle est aussi curieuse et tr\u00e8s ouverte d'esprit. Elle a beaucoup d'\u00e9nergie, elle adore danser et conna\u00eetre de nouvelles personnes. Elle vit \u00e0 Valence depuis 1 an et demi et se sent tr\u00e8s bien ici. Cette ann\u00e9e, elle se chargera de la mobilisation... entre autres !<\/h3><\/div><\/div><\/div><\/div><\/div>\t\t\t<\/div>\n\t\t<\/div>\n\t\t\t\t<\/li>\n\t\t\t\t<li class=\"sow-slider-image\" style=\"visibility: hidden;;background-color: #f9f9f9\" >\n\t\t\t\t\t<div class=\"sow-slider-image-container\">\n\t\t\t<div class=\"sow-slider-image-wrapper\">\n\t\t\t\t<div id=\"pl-wa0f5247f\"  class=\"panel-layout\" ><div id=\"pg-wa0f5247f-0\"  class=\"panel-grid panel-no-style\" ><div id=\"pgc-wa0f5247f-0-0\"  class=\"panel-grid-cell\" ><div id=\"panel-wa0f5247f-0-0-0\" class=\"so-panel widget widget_sow-image panel-first-child panel-last-child\" data-index=\"0\" ><div\n\t\t\t\n\t\t\tclass=\"so-widget-sow-image so-widget-sow-image-default-8b5b6f678277-2565\"\n\t\t\t\n\t\t>\n<div class=\"sow-image-container\">\n\t\t<img \n\tsrc=\"https:\/\/entandem.cat\/wp-content\/uploads\/2020\/10\/Alicia-Belmonte-Ortu\u00f1o.jpg\" width=\"740\" height=\"848\" srcset=\"https:\/\/entandem.cat\/wp-content\/uploads\/2020\/10\/Alicia-Belmonte-Ortu\u00f1o.jpg 740w, https:\/\/entandem.cat\/wp-content\/uploads\/2020\/10\/Alicia-Belmonte-Ortu\u00f1o-262x300.jpg 262w\" sizes=\"(max-width: 740px) 100vw, 740px\" title=\"Curieuse et d\u00e9termin\u00e9e, Ali adore conna\u00eetre des personnes et des endroits nouveaux. Elle \u00e9tudie l&#039;inclusion sociale et s&#039;y consacre depuis quelques ann\u00e9es. Elle aime beaucoup la plage et la montagne, mais aussi les animaux, en particulier les chiens. Elle vient d&#039;arriver \u00e0 l&#039;AFEV et a tr\u00e8s envie de se mettre au travail !\" alt=\"\" \t\tclass=\"so-widget-image\"\/>\n\t<\/div>\n\n<h3 class=\"widget-title\">Curieuse et d\u00e9termin\u00e9e, Ali adore conna\u00eetre des personnes et des endroits nouveaux. Elle \u00e9tudie l'inclusion sociale et s'y consacre depuis quelques ann\u00e9es. Elle aime beaucoup la plage et la montagne, mais aussi les animaux, en particulier les chiens. Elle vient d'arriver \u00e0 l'AFEV et a tr\u00e8s envie de se mettre au travail !<\/h3><\/div><\/div><\/div><div id=\"pgc-wa0f5247f-0-1\"  class=\"panel-grid-cell\" ><div id=\"panel-wa0f5247f-0-1-0\" class=\"so-panel widget widget_sow-image panel-first-child panel-last-child\" data-index=\"1\" ><div\n\t\t\t\n\t\t\tclass=\"so-widget-sow-image so-widget-sow-image-default-8b5b6f678277-2565\"\n\t\t\t\n\t\t>\n<div class=\"sow-image-container\">\n\t\t<img \n\tsrc=\"https:\/\/entandem.cat\/wp-content\/uploads\/2020\/10\/Becaris-BCN.jpg\" width=\"678\" height=\"777\" srcset=\"https:\/\/entandem.cat\/wp-content\/uploads\/2020\/10\/Becaris-BCN.jpg 678w, https:\/\/entandem.cat\/wp-content\/uploads\/2020\/10\/Becaris-BCN-262x300.jpg 262w\" sizes=\"(max-width: 678px) 100vw, 678px\" title=\"Becaris BCN\" alt=\"\" \t\tclass=\"so-widget-image\"\/>\n\t<\/div>\n\n<h3 class=\"widget-title\">Becaris BCN<\/h3><\/div><\/div><\/div><div id=\"pgc-wa0f5247f-0-2\"  class=\"panel-grid-cell\" ><div id=\"panel-wa0f5247f-0-2-0\" class=\"so-panel widget widget_sow-image panel-first-child panel-last-child\" data-index=\"2\" ><div\n\t\t\t\n\t\t\tclass=\"so-widget-sow-image so-widget-sow-image-default-8b5b6f678277-2565\"\n\t\t\t\n\t\t>\n<div class=\"sow-image-container\">\n\t\t<img \n\tsrc=\"https:\/\/entandem.cat\/wp-content\/uploads\/2020\/10\/Lili-Payant.jpg\" width=\"777\" height=\"891\" srcset=\"https:\/\/entandem.cat\/wp-content\/uploads\/2020\/10\/Lili-Payant.jpg 777w, https:\/\/entandem.cat\/wp-content\/uploads\/2020\/10\/Lili-Payant-262x300.jpg 262w, https:\/\/entandem.cat\/wp-content\/uploads\/2020\/10\/Lili-Payant-768x881.jpg 768w\" sizes=\"(max-width: 777px) 100vw, 777px\" title=\"Apr\u00e8s des \u00e9tudes de droit et de communication, et une tr\u00e8s br\u00e8ve exp\u00e9rience dans l&#039;enseignement du fran\u00e7ais, Lili a d\u00e9cid\u00e9 de se consacrer au monde associatif. \u00c0 l&#039;AFEV, vous la trouverez avec un ordinateur dans une main et une carte de Barcelone dans l\u00b4autre.\" alt=\"\" \t\tclass=\"so-widget-image\"\/>\n\t<\/div>\n\n<h3 class=\"widget-title\">Apr\u00e8s des \u00e9tudes de droit et de communication, et une tr\u00e8s br\u00e8ve exp\u00e9rience dans l'enseignement du fran\u00e7ais, Lili a d\u00e9cid\u00e9 de se consacrer au monde associatif. \u00c0 l'AFEV, vous la trouverez avec un ordinateur dans une main et une carte de Barcelone dans l\u00b4autre.<\/h3><\/div><\/div><\/div><\/div><\/div>\t\t\t<\/div>\n\t\t<\/div>\n\t\t\t\t<\/li>\n\t\t<\/ul>\t\t\t\t<ol class=\"sow-slider-pagination\">\n\t\t\t\t\t\t\t\t\t\t\t<li><a href=\"#\" data-goto=\"0\" aria-label=\"Display slide 1\"><\/a><\/li>\n\t\t\t\t\t\t\t\t\t\t\t<li><a href=\"#\" data-goto=\"1\" aria-label=\"Display slide 2\"><\/a><\/li>\n\t\t\t\t\t\t\t\t\t\t\t<li><a href=\"#\" data-goto=\"2\" aria-label=\"Display slide 3\"><\/a><\/li>\n\t\t\t\t\t\t\t\t\t\t\t<li><a href=\"#\" data-goto=\"3\" aria-label=\"Display slide 4\"><\/a><\/li>\n\t\t\t\t\t\t\t\t\t\t\t<li><a href=\"#\" data-goto=\"4\" aria-label=\"Display slide 5\"><\/a><\/li>\n\t\t\t\t\t\t\t\t\t\t\t<li><a href=\"#\" data-goto=\"5\" aria-label=\"Display slide 6\"><\/a><\/li>\n\t\t\t\t\t\t\t\t\t\t\t<li><a href=\"#\" data-goto=\"6\" aria-label=\"Display slide 7\"><\/a><\/li>\n\t\t\t\t\t\t\t\t\t<\/ol>\n\n\t\t\t\t<div class=\"sow-slide-nav sow-slide-nav-next\">\n\t\t\t\t\t<a href=\"#\" data-goto=\"next\" aria-label=\"Next slide\" data-action=\"next\">\n\t\t\t\t\t\t<em class=\"sow-sld-icon-thin-right\"><\/em>\n\t\t\t\t\t<\/a>\n\t\t\t\t<\/div>\n\n\t\t\t\t<div class=\"sow-slide-nav sow-slide-nav-prev\">\n\t\t\t\t\t<a href=\"#\" data-goto=\"previous\" aria-label=\"Previous slide\" data-action=\"prev\">\n\t\t\t\t\t\t<em class=\"sow-sld-icon-thin-left\"><\/em>\n\t\t\t\t\t<\/a>\n\t\t\t\t<\/div>\n\t\t\t\t<\/div><\/div><\/div><\/div><\/div><\/div><\/div><div id=\"pg-2565-5\"  class=\"panel-grid panel-has-style\" ><div class=\"inset-shadow siteorigin-panels-stretch panel-row-style panel-row-style-for-2565-5\" id=\"quefem\" data-stretch-type=\"full\" ><div id=\"pgc-2565-5-0\"  class=\"panel-grid-cell\" ><div id=\"panel-2565-5-0-0\" class=\"so-panel widget widget_sow-editor panel-first-child panel-last-child\" data-index=\"6\" ><div class=\"panel-widget-style panel-widget-style-for-2565-5-0-0\" ><div\n\t\t\t\n\t\t\tclass=\"so-widget-sow-editor so-widget-sow-editor-base\"\n\t\t\t\n\t\t>\n<div class=\"siteorigin-widget-tinymce textwidget\">\n\t<h2>Pourquoi nous agissons?<\/h2>\n<p>Saviez-vous que... 1 enfant sur 4 en Catalogne est en risque de pauvret\u00e9 et qu\u2019\u00e0 Valence ce chiffre monte \u00e0 30% ?<\/p>\n<p>L\u2019intervention de nos b\u00e9n\u00e9voles a pour but de r\u00e9duire les fractures (sociales, culturelles, civiques, etc.) de notre soci\u00e9t\u00e9, qui touchent surtout les enfants et les adolescents en risque d\u2019exclusion sociale ou qui passent par un moment de difficult\u00e9.<\/p>\n<p>En Catalogne, 17% des jeunes de 18 \u00e0 24 ans ne poursuivent pas leurs \u00e9tudes apr\u00e8s la ESO (\u00e9quivalent \u00e0 la 2nde), et \u00e0 Valence ils sont 19,5%. La moyenne europ\u00e9enne se situe \u00e0 10% (\u201ctaux de d\u00e9crochage scolaire pr\u00e9coce\u201d). La pauvret\u00e9 est l\u2019un des facteurs qui a le plus d\u2019incidence : <a href=\"https:\/\/fundaciobofill.cat\/anuari-2020\">l\u2019\u00e9tat de l\u2019\u00e9ducation en Catalogne 2020<\/a> de la Fondation Jaume Bofill montre la relation directe entre pauvret\u00e9 et d\u00e9crochage scolaire.<\/p>\n<p>a mission de l'association est de promouvoir le l'engagement des \u00e9tudiants universitaires pour lutter contre les in\u00e9galit\u00e9s sociales des enfants et des jeunes en exclusion ou en difficult\u00e9s sociales, familiales et communautaires des quartiers et territoires d\u00e9favoris\u00e9s.<\/p>\n<\/div>\n<\/div><\/div><\/div><\/div><\/div><\/div><div id=\"pg-2565-6\"  class=\"panel-grid panel-has-style\" ><div class=\"inset-shadow siteorigin-panels-stretch panel-row-style panel-row-style-for-2565-6\" data-stretch-type=\"full-stretched\" ><div id=\"pgc-2565-6-0\"  class=\"panel-grid-cell\" ><div id=\"panel-2565-6-0-0\" class=\"so-panel widget widget_sow-hero panel-first-child panel-last-child\" data-index=\"7\" ><div\n\t\t\t\n\t\t\tclass=\"so-widget-sow-hero so-widget-sow-hero-default-358dedbc27bc-2565 so-widget-fittext-wrapper\"\n\t\t\t data-fit-text-compressor=\"0.85\"\n\t\t>\t\t\t\t<div class=\"sow-slider-base\" style=\"display: none\" tabindex=\"0\">\n\t\t\t\t\t<ul\n\t\t\t\t\tclass=\"sow-slider-images\"\n\t\t\t\t\tdata-settings=\"{&quot;pagination&quot;:true,&quot;speed&quot;:800,&quot;timeout&quot;:8000,&quot;paused&quot;:false,&quot;pause_on_hover&quot;:false,&quot;swipe&quot;:true,&quot;nav_always_show_desktop&quot;:&quot;&quot;,&quot;nav_always_show_mobile&quot;:&quot;&quot;,&quot;breakpoint&quot;:&quot;780px&quot;,&quot;unmute&quot;:false,&quot;anchor&quot;:null}\"\n\t\t\t\t\tstyle=\"min-height: 353px\"\t\t\t\t\tdata-anchor-id=\"\"\n\t\t\t\t>\t\t<li class=\"sow-slider-image  sow-slider-image-cover\" style=\"visibility: visible;;background-color: #c92226;background-image: url(https:\/\/entandem.cat\/wp-content\/uploads\/2016\/10\/afev.jpg)\" >\n\t\t\t\t\t<div class=\"sow-slider-image-container\">\n\t\t\t<div class=\"sow-slider-image-wrapper\">\n\t\t\t\t\t\t\t<\/div>\n\t\t<\/div>\n\t\t\t\t<\/li>\n\t\t<\/ul>\t\t\t\t<ol class=\"sow-slider-pagination\">\n\t\t\t\t\t\t\t\t\t\t\t<li><a href=\"#\" data-goto=\"0\" aria-label=\"Display slide 1\"><\/a><\/li>\n\t\t\t\t\t\t\t\t\t<\/ol>\n\n\t\t\t\t<div class=\"sow-slide-nav sow-slide-nav-next\">\n\t\t\t\t\t<a href=\"#\" data-goto=\"next\" aria-label=\"Next slide\" data-action=\"next\">\n\t\t\t\t\t\t<em class=\"sow-sld-icon-thin-right\"><\/em>\n\t\t\t\t\t<\/a>\n\t\t\t\t<\/div>\n\n\t\t\t\t<div class=\"sow-slide-nav sow-slide-nav-prev\">\n\t\t\t\t\t<a href=\"#\" data-goto=\"previous\" aria-label=\"Previous slide\" data-action=\"prev\">\n\t\t\t\t\t\t<em class=\"sow-sld-icon-thin-left\"><\/em>\n\t\t\t\t\t<\/a>\n\t\t\t\t<\/div>\n\t\t\t\t<\/div><\/div><\/div><\/div><\/div><\/div><div id=\"pg-2565-7\"  class=\"panel-grid panel-has-style\" ><div class=\"siteorigin-panels-stretch panel-row-style panel-row-style-for-2565-7\" id=\"colaboradors\" data-stretch-type=\"full\" ><div id=\"pgc-2565-7-0\"  class=\"panel-grid-cell panel-grid-cell-empty\" ><\/div><\/div><\/div><div id=\"pg-2565-8\"  class=\"panel-grid panel-has-style\" ><div class=\"siteorigin-panels-stretch panel-row-style panel-row-style-for-2565-8\" id=\"colaboradors\" data-stretch-type=\"full\" ><div id=\"pgc-2565-8-0\"  class=\"panel-grid-cell\" ><div id=\"panel-2565-8-0-0\" class=\"so-panel widget widget_sow-editor panel-first-child panel-last-child\" data-index=\"8\" ><div class=\"panel-widget-style panel-widget-style-for-2565-8-0-0\" ><div\n\t\t\t\n\t\t\tclass=\"so-widget-sow-editor so-widget-sow-editor-base\"\n\t\t\t\n\t\t>\n<div class=\"siteorigin-widget-tinymce textwidget\">\n\t<h2>Transparence<\/h2>\n<p>La soci\u00e9t\u00e9 demande aux associations \u00e0 but non lucratif d\u2019\u00eatre exemplaires dans l\u2019usage qu\u2019elles font des subventions publiques et des dons qu\u2019elles re\u00e7oivent. A l\u2019AFEV, nous parions sur la transparence. Pour cette raison, nous vous invitons \u00e0 visiter notre <a href=\"http:\/\/www.transparenciaong.info\/ca\/afev\/\">portail de transparence<\/a>.<\/p>\n<p>Donnez un coup d'\u0153il \u00e0 notre <a href=\"http:\/\/issuu.com\/lauraafev\/docs\/memoria_afev_2015-16_versi___curta\">Rapport d\u2019Activit\u00e9 du cours 2019-2020<\/a> pour mieux nous conna\u00eetre.<\/p>\n<p>&nbsp;<\/p>\n<p>&nbsp;<\/p>\n<\/div>\n<\/div><\/div><\/div><\/div><\/div><\/div><div id=\"pg-2565-9\"  class=\"panel-grid panel-has-style\" ><div class=\"siteorigin-panels-stretch panel-row-style panel-row-style-for-2565-9\" id=\"colaboradors-2\" data-stretch-type=\"full\" ><div id=\"pgc-2565-9-0\"  class=\"panel-grid-cell\" ><div id=\"panel-2565-9-0-0\" class=\"so-panel widget widget_sow-editor panel-first-child panel-last-child\" data-index=\"9\" ><div class=\"panel-widget-style panel-widget-style-for-2565-9-0-0\" ><div\n\t\t\t\n\t\t\tclass=\"so-widget-sow-editor so-widget-sow-editor-base\"\n\t\t\t\n\t\t>\n<div class=\"siteorigin-widget-tinymce textwidget\">\n\t<\/div>\n<\/div><\/div><\/div><\/div><div id=\"pgc-2565-9-1\"  class=\"panel-grid-cell\" ><div id=\"panel-2565-9-1-0\" class=\"so-panel widget widget_sow-editor panel-first-child panel-last-child\" data-index=\"10\" ><div class=\"panel-widget-style panel-widget-style-for-2565-9-1-0\" ><div\n\t\t\t\n\t\t\tclass=\"so-widget-sow-editor so-widget-sow-editor-base\"\n\t\t\t\n\t\t>\n<div class=\"siteorigin-widget-tinymce textwidget\">\n\t<\/div>\n<\/div><\/div><\/div><\/div><div id=\"pgc-2565-9-2\"  class=\"panel-grid-cell\" ><div id=\"panel-2565-9-2-0\" class=\"so-panel widget widget_sow-editor panel-first-child panel-last-child\" data-index=\"11\" ><div class=\"panel-widget-style panel-widget-style-for-2565-9-2-0\" ><div\n\t\t\t\n\t\t\tclass=\"so-widget-sow-editor so-widget-sow-editor-base\"\n\t\t\t\n\t\t>\n<div class=\"siteorigin-widget-tinymce textwidget\">\n\t<\/div>\n<\/div><\/div><\/div><\/div><div id=\"pgc-2565-9-3\"  class=\"panel-grid-cell\" ><div id=\"panel-2565-9-3-0\" class=\"so-panel widget widget_sow-editor panel-first-child panel-last-child\" data-index=\"12\" ><div class=\"panel-widget-style panel-widget-style-for-2565-9-3-0\" ><div\n\t\t\t\n\t\t\tclass=\"so-widget-sow-editor so-widget-sow-editor-base\"\n\t\t\t\n\t\t>\n<div class=\"siteorigin-widget-tinymce textwidget\">\n\t<\/div>\n<\/div><\/div><\/div><\/div><\/div><\/div><\/div>","protected":false},"excerpt":{"rendered":"<p>Qui sommes-nous POURQUOI nous agissons Transparence<\/p>\n","protected":false},"author":1,"featured_media":0,"parent":0,"menu_order":0,"comment_status":"closed","ping_status":"closed","template":"template-fullwidth.php","meta":{"footnotes":""},"class_list":["post-2565","page","type-page","status-publish","hentry"],"yoast_head":"<!-- This site is optimized with the Yoast SEO plugin v27.0 - https:\/\/yoast.com\/product\/yoast-seo-wordpress\/ -->\n<title>qui sommes-nous? - enT\u00e0ndem<\/title>\n<meta name=\"robots\" content=\"index, follow, max-snippet:-1, max-image-preview:large, max-video-preview:-1\" \/>\n<link rel=\"canonical\" href=\"https:\/\/entandem.cat\/fr\/afev\/\" \/>\n<meta property=\"og:locale\" content=\"fr_FR\" \/>\n<meta property=\"og:type\" content=\"article\" \/>\n<meta property=\"og:title\" content=\"qui sommes-nous? - enT\u00e0ndem\" \/>\n<meta property=\"og:description\" content=\"Qui sommes-nous POURQUOI nous agissons Transparence\" \/>\n<meta property=\"og:url\" content=\"https:\/\/entandem.cat\/fr\/afev\/\" \/>\n<meta property=\"og:site_name\" content=\"enT\u00e0ndem\" \/>\n<meta property=\"article:publisher\" content=\"https:\/\/www.facebook.com\/afevcat\" \/>\n<meta property=\"article:modified_time\" content=\"2021-10-06T09:43:44+00:00\" \/>\n<meta property=\"og:image\" content=\"https:\/\/entandem.cat\/wp-content\/uploads\/2011\/05\/portada1.jpg\" \/>\n\t<meta property=\"og:image:width\" content=\"1340\" \/>\n\t<meta property=\"og:image:height\" content=\"737\" \/>\n\t<meta property=\"og:image:type\" content=\"image\/jpeg\" \/>\n<meta name=\"twitter:card\" content=\"summary_large_image\" \/>\n<meta name=\"twitter:site\" content=\"@afevcat\" \/>\n<meta name=\"twitter:label1\" content=\"Dur\u00e9e de lecture estim\u00e9e\" \/>\n\t<meta name=\"twitter:data1\" content=\"2 minutes\" \/>\n<script type=\"application\/ld+json\" class=\"yoast-schema-graph\">{\"@context\":\"https:\/\/schema.org\",\"@graph\":[{\"@type\":\"WebPage\",\"@id\":\"https:\/\/entandem.cat\/fr\/afev\/\",\"url\":\"https:\/\/entandem.cat\/fr\/afev\/\",\"name\":\"qui sommes-nous? - enT\u00e0ndem\",\"isPartOf\":{\"@id\":\"https:\/\/entandem.cat\/#website\"},\"datePublished\":\"2016-10-13T16:43:57+00:00\",\"dateModified\":\"2021-10-06T09:43:44+00:00\",\"breadcrumb\":{\"@id\":\"https:\/\/entandem.cat\/fr\/afev\/#breadcrumb\"},\"inLanguage\":\"fr-FR\",\"potentialAction\":[{\"@type\":\"ReadAction\",\"target\":[\"https:\/\/entandem.cat\/fr\/afev\/\"]}]},{\"@type\":\"BreadcrumbList\",\"@id\":\"https:\/\/entandem.cat\/fr\/afev\/#breadcrumb\",\"itemListElement\":[{\"@type\":\"ListItem\",\"position\":1,\"name\":\"Inici\",\"item\":\"https:\/\/entandem.cat\/fr\/\"},{\"@type\":\"ListItem\",\"position\":2,\"name\":\"qui sommes-nous?\"}]},{\"@type\":\"WebSite\",\"@id\":\"https:\/\/entandem.cat\/#website\",\"url\":\"https:\/\/entandem.cat\/\",\"name\":\"enT\u00e0ndem\",\"description\":\"Voluntariat Social Universitari\",\"publisher\":{\"@id\":\"https:\/\/entandem.cat\/#organization\"},\"potentialAction\":[{\"@type\":\"SearchAction\",\"target\":{\"@type\":\"EntryPoint\",\"urlTemplate\":\"https:\/\/entandem.cat\/?s={search_term_string}\"},\"query-input\":{\"@type\":\"PropertyValueSpecification\",\"valueRequired\":true,\"valueName\":\"search_term_string\"}}],\"inLanguage\":\"fr-FR\"},{\"@type\":\"Organization\",\"@id\":\"https:\/\/entandem.cat\/#organization\",\"name\":\"enT\u00e0ndem\",\"url\":\"https:\/\/entandem.cat\/\",\"logo\":{\"@type\":\"ImageObject\",\"inLanguage\":\"fr-FR\",\"@id\":\"https:\/\/entandem.cat\/#\/schema\/logo\/image\/\",\"url\":\"https:\/\/entandem.cat\/wp-content\/uploads\/2016\/12\/logo-entandem.png\",\"contentUrl\":\"https:\/\/entandem.cat\/wp-content\/uploads\/2016\/12\/logo-entandem.png\",\"width\":166,\"height\":44,\"caption\":\"enT\u00e0ndem\"},\"image\":{\"@id\":\"https:\/\/entandem.cat\/#\/schema\/logo\/image\/\"},\"sameAs\":[\"https:\/\/www.facebook.com\/afevcat\",\"https:\/\/x.com\/afevcat\",\"https:\/\/www.instagram.com\/afevcat\/\"]}]}<\/script>\n<!-- \/ Yoast SEO plugin. -->","yoast_head_json":{"title":"qui sommes-nous? - enT\u00e0ndem","robots":{"index":"index","follow":"follow","max-snippet":"max-snippet:-1","max-image-preview":"max-image-preview:large","max-video-preview":"max-video-preview:-1"},"canonical":"https:\/\/entandem.cat\/fr\/afev\/","og_locale":"fr_FR","og_type":"article","og_title":"qui sommes-nous? - enT\u00e0ndem","og_description":"Qui sommes-nous POURQUOI nous agissons Transparence","og_url":"https:\/\/entandem.cat\/fr\/afev\/","og_site_name":"enT\u00e0ndem","article_publisher":"https:\/\/www.facebook.com\/afevcat","article_modified_time":"2021-10-06T09:43:44+00:00","og_image":[{"width":1340,"height":737,"url":"https:\/\/entandem.cat\/wp-content\/uploads\/2011\/05\/portada1.jpg","type":"image\/jpeg"}],"twitter_card":"summary_large_image","twitter_site":"@afevcat","twitter_misc":{"Dur\u00e9e de lecture estim\u00e9e":"2 minutes"},"schema":{"@context":"https:\/\/schema.org","@graph":[{"@type":"WebPage","@id":"https:\/\/entandem.cat\/fr\/afev\/","url":"https:\/\/entandem.cat\/fr\/afev\/","name":"qui sommes-nous? - enT\u00e0ndem","isPartOf":{"@id":"https:\/\/entandem.cat\/#website"},"datePublished":"2016-10-13T16:43:57+00:00","dateModified":"2021-10-06T09:43:44+00:00","breadcrumb":{"@id":"https:\/\/entandem.cat\/fr\/afev\/#breadcrumb"},"inLanguage":"fr-FR","potentialAction":[{"@type":"ReadAction","target":["https:\/\/entandem.cat\/fr\/afev\/"]}]},{"@type":"BreadcrumbList","@id":"https:\/\/entandem.cat\/fr\/afev\/#breadcrumb","itemListElement":[{"@type":"ListItem","position":1,"name":"Inici","item":"https:\/\/entandem.cat\/fr\/"},{"@type":"ListItem","position":2,"name":"qui sommes-nous?"}]},{"@type":"WebSite","@id":"https:\/\/entandem.cat\/#website","url":"https:\/\/entandem.cat\/","name":"enT\u00e0ndem","description":"Voluntariat Social Universitari","publisher":{"@id":"https:\/\/entandem.cat\/#organization"},"potentialAction":[{"@type":"SearchAction","target":{"@type":"EntryPoint","urlTemplate":"https:\/\/entandem.cat\/?s={search_term_string}"},"query-input":{"@type":"PropertyValueSpecification","valueRequired":true,"valueName":"search_term_string"}}],"inLanguage":"fr-FR"},{"@type":"Organization","@id":"https:\/\/entandem.cat\/#organization","name":"enT\u00e0ndem","url":"https:\/\/entandem.cat\/","logo":{"@type":"ImageObject","inLanguage":"fr-FR","@id":"https:\/\/entandem.cat\/#\/schema\/logo\/image\/","url":"https:\/\/entandem.cat\/wp-content\/uploads\/2016\/12\/logo-entandem.png","contentUrl":"https:\/\/entandem.cat\/wp-content\/uploads\/2016\/12\/logo-entandem.png","width":166,"height":44,"caption":"enT\u00e0ndem"},"image":{"@id":"https:\/\/entandem.cat\/#\/schema\/logo\/image\/"},"sameAs":["https:\/\/www.facebook.com\/afevcat","https:\/\/x.com\/afevcat","https:\/\/www.instagram.com\/afevcat\/"]}]}},"_links":{"self":[{"href":"https:\/\/entandem.cat\/fr\/wp-json\/wp\/v2\/pages\/2565","targetHints":{"allow":["GET"]}}],"collection":[{"href":"https:\/\/entandem.cat\/fr\/wp-json\/wp\/v2\/pages"}],"about":[{"href":"https:\/\/entandem.cat\/fr\/wp-json\/wp\/v2\/types\/page"}],"author":[{"embeddable":true,"href":"https:\/\/entandem.cat\/fr\/wp-json\/wp\/v2\/users\/1"}],"replies":[{"embeddable":true,"href":"https:\/\/entandem.cat\/fr\/wp-json\/wp\/v2\/comments?post=2565"}],"version-history":[{"count":4,"href":"https:\/\/entandem.cat\/fr\/wp-json\/wp\/v2\/pages\/2565\/revisions"}],"predecessor-version":[{"id":9094,"href":"https:\/\/entandem.cat\/fr\/wp-json\/wp\/v2\/pages\/2565\/revisions\/9094"}],"wp:attachment":[{"href":"https:\/\/entandem.cat\/fr\/wp-json\/wp\/v2\/media?parent=2565"}],"curies":[{"name":"wp","href":"https:\/\/api.w.org\/{rel}","templated":true}]}}