{"version":"1.0","provider_name":"enT\u00e0ndem","provider_url":"https:\/\/entandem.cat\/es\/","author_name":"adminTandem","author_url":"https:\/\/entandem.cat\/es\/author\/admintandem\/","title":"AFEV 10 anys testimoni de M\u00f3nica Garc\u00eda - enT\u00e0ndem","type":"rich","width":600,"height":338,"html":"<blockquote class=\"wp-embedded-content\" data-secret=\"pqgugyPAAe\"><a href=\"https:\/\/entandem.cat\/es\/testimonios\/afev-10-anys-testimoni-de-monica-garcia\/\">AFEV 10 anys testimoni de M\u00f3nica Garc\u00eda<\/a><\/blockquote><iframe sandbox=\"allow-scripts\" security=\"restricted\" src=\"https:\/\/entandem.cat\/es\/testimonios\/afev-10-anys-testimoni-de-monica-garcia\/embed\/#?secret=pqgugyPAAe\" width=\"600\" height=\"338\" title=\"\u00abAFEV 10 anys testimoni de M\u00f3nica Garc\u00eda\u00bb \u2014 enT\u00e0ndem\" data-secret=\"pqgugyPAAe\" frameborder=\"0\" marginwidth=\"0\" marginheight=\"0\" scrolling=\"no\" class=\"wp-embedded-content\"><\/iframe><script type=\"text\/javascript\">\n\/* <![CDATA[ *\/\n\/*! This file is auto-generated *\/\n!function(d,l){\"use strict\";l.querySelector&&d.addEventListener&&\"undefined\"!=typeof URL&&(d.wp=d.wp||{},d.wp.receiveEmbedMessage||(d.wp.receiveEmbedMessage=function(e){var t=e.data;if((t||t.secret||t.message||t.value)&&!\/[^a-zA-Z0-9]\/.test(t.secret)){for(var s,r,n,a=l.querySelectorAll('iframe[data-secret=\"'+t.secret+'\"]'),o=l.querySelectorAll('blockquote[data-secret=\"'+t.secret+'\"]'),c=new RegExp(\"^https?:$\",\"i\"),i=0;i<o.length;i++)o[i].style.display=\"none\";for(i=0;i<a.length;i++)s=a[i],e.source===s.contentWindow&&(s.removeAttribute(\"style\"),\"height\"===t.message?(1e3<(r=parseInt(t.value,10))?r=1e3:~~r<200&&(r=200),s.height=r):\"link\"===t.message&&(r=new URL(s.getAttribute(\"src\")),n=new URL(t.value),c.test(n.protocol))&&n.host===r.host&&l.activeElement===s&&(d.top.location.href=t.value))}},d.addEventListener(\"message\",d.wp.receiveEmbedMessage,!1),l.addEventListener(\"DOMContentLoaded\",function(){for(var e,t,s=l.querySelectorAll(\"iframe.wp-embedded-content\"),r=0;r<s.length;r++)(t=(e=s[r]).getAttribute(\"data-secret\"))||(t=Math.random().toString(36).substring(2,12),e.src+=\"#?secret=\"+t,e.setAttribute(\"data-secret\",t)),e.contentWindow.postMessage({message:\"ready\",secret:t},\"*\")},!1)))}(window,document);\n\/\/# sourceURL=https:\/\/entandem.cat\/wp-includes\/js\/wp-embed.min.js\n\/* ]]> *\/\n<\/script>\n","thumbnail_url":"https:\/\/entandem.cat\/wp-content\/uploads\/2017\/12\/Plaf\u00f311_Samantha-i-Ariadna-1024x681.jpg","thumbnail_width":1024,"thumbnail_height":681,"description":"M\u00f3nica Garc\u00eda \u00e9s la mare d&#8217;una jove participannt al projecte, ens explica com la volunt\u00e0ria va cambiar la seva relaci\u00f3 amb la seva filla. \u201cAl principi dubtava de la practicitat del projecte, per\u00f2 poc despr\u00e9s de con\u00e8ixer la Samantha, la noia que li va ser assignada a la meva filla, tot va canviar. He de &hellip; Continued"}